{"id":2,"date":"2026-01-06T19:16:00","date_gmt":"2026-01-06T16:16:00","guid":{"rendered":"https:\/\/ertualakademi.com\/?page_id=2"},"modified":"2026-01-06T20:45:08","modified_gmt":"2026-01-06T17:45:08","slug":"ornek-sayfa","status":"publish","type":"page","link":"https:\/\/ertualakademi.com\/index.php\/ornek-sayfa\/","title":{"rendered":"\u00d6rnek sayfa"},"content":{"rendered":"\n<p>Ertual Akademi Yay\u0131nc\u0131l\u0131k<\/p>\n\n\n\n<p>ERTUAL AKADEM\u0130 YAYINCILIK, Erzurum\u2019da kurulmu\u015f, 2014 y\u0131l\u0131ndan itibaren Ulusal d\u00fczeyde d\u00fczenli faaliyet y\u00fcr\u00fcten, ayn\u0131 alanda farkl\u0131 yazarlara ait en az 20 kitab\u0131 yay\u0131nlanm\u0131\u015f bir yay\u0131nevi olup, yay\u0131nlad\u0131\u011f\u0131 kitaplar; Y\u00fcksek\u00f6\u011fretim Kurumlar\u0131n\u0131n kataloglar\u0131nda yer almaktad\u0131r. Yay\u0131nevimiz \u00dcniversiteleraras\u0131 Kurul (\u00dcAK) akademik \u00f6l\u00e7\u00fctleri aras\u0131nda belirtilen \u201cULUSAL TANINMI\u015e YAYINEV\u0130\u201d unvan\u0131na sahip bir yay\u0131nevidir.Yay\u0131nevimiz b\u00fcnyesinde \u00e7ok say\u0131da akademisyenin akademik \u00e7al\u0131\u015fmalar\u0131, y\u00fcksek lisans ve doktora tez \u00e7al\u0131\u015fmalar\u0131 kitap haline getirilerek bas\u0131m\u0131 yap\u0131lm\u0131\u015ft\u0131r. Ayr\u0131ca yay\u0131nevimiz ulusal ve uluslararas\u0131 konferans, kongre, sempozyum, \u00e7al\u0131\u015ftay vb. bilimsel etkinlikleri do\u011frudan veya dolayl\u0131 olarak destekleyerek, sunulan bildirileri bas\u0131l\u0131 hale getirerek akademik hayata destek olmaktad\u0131r. T\u00fcrk\u00e7e ve di\u011fer yabanc\u0131 dillerde, yerli ve yabanc\u0131 yazarlar taraf\u0131ndan haz\u0131rlanan eserler yay\u0131nevimiz taraf\u0131ndan yay\u0131nlanm\u0131\u015ft\u0131r.<\/p>\n\n\n\n<blockquote class=\"wp-block-quote is-layout-flow wp-block-quote-is-layout-flow\">\n<p><\/p>\n<\/blockquote>\n\n\n\n<blockquote class=\"wp-block-quote is-layout-flow wp-block-quote-is-layout-flow\">\n<p><\/p>\n<\/blockquote>\n\n\n\n<p><\/p>\n","protected":false},"excerpt":{"rendered":"<p>Ertual Akademi Yay\u0131nc\u0131l\u0131k ERTUAL AKADEM\u0130 YAYINCILIK, Erzurum\u2019da kurulmu\u015f, 2014 y\u0131l\u0131ndan itibaren Ulusal d\u00fczeyde d\u00fczenli faaliyet y\u00fcr\u00fcten, ayn\u0131 alanda farkl\u0131 yazarlara ait en az 20 kitab\u0131 yay\u0131nlanm\u0131\u015f bir yay\u0131nevi olup, yay\u0131nlad\u0131\u011f\u0131 kitaplar; Y\u00fcksek\u00f6\u011fretim Kurumlar\u0131n\u0131n kataloglar\u0131nda yer almaktad\u0131r. Yay\u0131nevimiz \u00dcniversiteleraras\u0131 Kurul (\u00dcAK) akademik \u00f6l\u00e7\u00fctleri aras\u0131nda belirtilen \u201cULUSAL TANINMI\u015e YAYINEV\u0130\u201d unvan\u0131na sahip bir yay\u0131nevidir.Yay\u0131nevimiz b\u00fcnyesinde \u00e7ok say\u0131da akademisyenin [&hellip;]<\/p>\n","protected":false},"author":1,"featured_media":0,"parent":0,"menu_order":0,"comment_status":"closed","ping_status":"open","template":"","meta":{"saved_in_kubio":true,"footnotes":""},"class_list":["post-2","page","type-page","status-publish","hentry"],"kubio_ai_page_context":{"short_desc":"","purpose":"general"},"_links":{"self":[{"href":"https:\/\/ertualakademi.com\/index.php\/wp-json\/wp\/v2\/pages\/2","targetHints":{"allow":["GET"]}}],"collection":[{"href":"https:\/\/ertualakademi.com\/index.php\/wp-json\/wp\/v2\/pages"}],"about":[{"href":"https:\/\/ertualakademi.com\/index.php\/wp-json\/wp\/v2\/types\/page"}],"author":[{"embeddable":true,"href":"https:\/\/ertualakademi.com\/index.php\/wp-json\/wp\/v2\/users\/1"}],"replies":[{"embeddable":true,"href":"https:\/\/ertualakademi.com\/index.php\/wp-json\/wp\/v2\/comments?post=2"}],"version-history":[{"count":2,"href":"https:\/\/ertualakademi.com\/index.php\/wp-json\/wp\/v2\/pages\/2\/revisions"}],"predecessor-version":[{"id":103,"href":"https:\/\/ertualakademi.com\/index.php\/wp-json\/wp\/v2\/pages\/2\/revisions\/103"}],"wp:attachment":[{"href":"https:\/\/ertualakademi.com\/index.php\/wp-json\/wp\/v2\/media?parent=2"}],"curies":[{"name":"wp","href":"https:\/\/api.w.org\/{rel}","templated":true}]}}